{"id":7219,"date":"2024-10-09T11:18:06","date_gmt":"2024-10-09T09:18:06","guid":{"rendered":"https:\/\/stage.admira.se\/?page_id=7219"},"modified":"2026-04-08T18:00:31","modified_gmt":"2026-04-08T16:00:31","slug":"grupptraff-tema-den-fjarde-trimestern","status":"publish","type":"page","link":"https:\/\/admira.se\/en\/gravid-pa-admira-kvinnohalsa\/grupptraff-tema-den-fjarde-trimestern\/","title":{"rendered":"Grupptr\u00e4ff Tema Den fj\u00e4rde Trimestern"},"content":{"rendered":"<div data-elementor-type=\"wp-page\" data-elementor-id=\"7219\" class=\"elementor elementor-7219\">\n\t\t\t\t<div class=\"elementor-element elementor-element-7e1f7d1 e-flex e-con-boxed e-con e-parent\" data-id=\"7e1f7d1\" data-element_type=\"container\" data-e-type=\"container\">\n\t\t\t\t\t<div class=\"e-con-inner\">\n\t\t\t\t<div class=\"elementor-element elementor-element-a83f906 elementor-widget elementor-widget-text-editor\" data-id=\"a83f906\" data-element_type=\"widget\" data-e-type=\"widget\" data-widget_type=\"text-editor.default\">\n\t\t\t\t<div class=\"elementor-widget-container\">\n\t\t\t\t\t\t\t\t\t<h3>F\u00f6r\u00e4ldragrupp f\u00f6r blivande f\u00f6rstag\u00e5ngsf\u00f6r\u00e4ldrar<\/h3><p>F\u00f6r\u00e4ldragrupp f\u00f6r er som v\u00e4ntar f\u00f6rsta barnet och \u00e4r listade p\u00e5 Admira Kvinnoh\u00e4lsa. Tr\u00e4ffen leds av en barnmorska och fokus ligger p\u00e5 tiden efter f\u00f6rlossningen. Vad inneb\u00e4r den fj\u00e4rde trimestern och vilka behov har det nyf\u00f6dda barnet? Hur kan man m\u00e5 den f\u00f6rsta tiden som f\u00f6r\u00e4lder och hur ser \u00e5terh\u00e4mtningen ut f\u00f6r mammakroppen? Detta och mycket mer g\u00e5r vi igenom tillsammans.<\/p><p>Tr\u00e4ffen \u00e4r f\u00f6rlagd i v\u00e5rt v\u00e4ntrum p\u00e5 Admira Kvinnoh\u00e4lsa. Vi rekommenderar att b\u00e5de du och din partner deltar, l\u00e4mplig tidpunkt att delta \u00e4r fr\u00e5n graviditetsvecka 28 och fram\u00e5t.\u00a0Bokning sker via v\u00e5rt bokningssystem.<\/p><p>Grupptr\u00e4ff Tema Fj\u00e4rde Trimestern h\u00e5lls vid ett tillf\u00e4lle varje m\u00e5nad (med undantag f\u00f6r sommarm\u00e5naderna) mellan kl 16-18.<\/p><p><strong>OBS boka 2 personer om ni kommer b\u00e5da tv\u00e5 och ange kod som du f\u00e5r av din barnmorska<\/strong>.<\/p><h3><strong>V\u00e5r\/sommar 2026<\/strong><\/h3><ul><li>27 april<\/li><li>21 maj<\/li><li>15 juni<\/li><li>16 juli\u00a0<\/li><li>27 augusti<\/li><li>21 september<\/li><\/ul>\t\t\t\t\t\t\t\t<\/div>\n\t\t\t\t<\/div>\n\t\t\t\t\t<\/div>\n\t\t\t\t<\/div>\n\t\t\t\t<\/div>","protected":false},"excerpt":{"rendered":"<p>F\u00f6r\u00e4ldragrupp f\u00f6r blivande f\u00f6rstag\u00e5ngsf\u00f6r\u00e4ldrar F\u00f6r\u00e4ldragrupp f\u00f6r er som v\u00e4ntar f\u00f6rsta barnet och \u00e4r listade p\u00e5 Admira Kvinnoh\u00e4lsa. Tr\u00e4ffen leds av en barnmorska och fokus ligger p\u00e5 tiden efter f\u00f6rlossningen. Vad inneb\u00e4r den fj\u00e4rde trimestern och vilka behov har det nyf\u00f6dda barnet? Hur kan man m\u00e5 den f\u00f6rsta tiden som f\u00f6r\u00e4lder och hur ser \u00e5terh\u00e4mtningen ut [&hellip;]<\/p>\n","protected":false},"author":1,"featured_media":0,"parent":7197,"menu_order":0,"comment_status":"closed","ping_status":"closed","template":"","meta":{"footnotes":""},"class_list":["post-7219","page","type-page","status-publish","hentry"],"_links":{"self":[{"href":"https:\/\/admira.se\/en\/wp-json\/wp\/v2\/pages\/7219","targetHints":{"allow":["GET"]}}],"collection":[{"href":"https:\/\/admira.se\/en\/wp-json\/wp\/v2\/pages"}],"about":[{"href":"https:\/\/admira.se\/en\/wp-json\/wp\/v2\/types\/page"}],"author":[{"embeddable":true,"href":"https:\/\/admira.se\/en\/wp-json\/wp\/v2\/users\/1"}],"replies":[{"embeddable":true,"href":"https:\/\/admira.se\/en\/wp-json\/wp\/v2\/comments?post=7219"}],"version-history":[{"count":79,"href":"https:\/\/admira.se\/en\/wp-json\/wp\/v2\/pages\/7219\/revisions"}],"predecessor-version":[{"id":8661,"href":"https:\/\/admira.se\/en\/wp-json\/wp\/v2\/pages\/7219\/revisions\/8661"}],"up":[{"embeddable":true,"href":"https:\/\/admira.se\/en\/wp-json\/wp\/v2\/pages\/7197"}],"wp:attachment":[{"href":"https:\/\/admira.se\/en\/wp-json\/wp\/v2\/media?parent=7219"}],"curies":[{"name":"wp","href":"https:\/\/api.w.org\/{rel}","templated":true}]}}