{"id":7416,"date":"2024-10-09T17:40:24","date_gmt":"2024-10-09T15:40:24","guid":{"rendered":"https:\/\/stage.admira.se\/?page_id=7416"},"modified":"2024-10-31T22:48:50","modified_gmt":"2024-10-31T21:48:50","slug":"att-bli-foralder","status":"publish","type":"page","link":"https:\/\/admira.se\/en\/att-bli-foralder\/","title":{"rendered":"Becoming a parent"},"content":{"rendered":"<div data-elementor-type=\"wp-page\" data-elementor-id=\"7416\" class=\"elementor elementor-7416\">\n\t\t\t\t<div class=\"elementor-element elementor-element-44a4f99 e-flex e-con-boxed e-con e-parent\" data-id=\"44a4f99\" data-element_type=\"container\" data-e-type=\"container\">\n\t\t\t\t\t<div class=\"e-con-inner\">\n\t\t\t\t<div class=\"elementor-element elementor-element-306ade7 elementor-widget elementor-widget-text-editor\" data-id=\"306ade7\" data-element_type=\"widget\" data-e-type=\"widget\" data-widget_type=\"text-editor.default\">\n\t\t\t\t<div class=\"elementor-widget-container\">\n\t\t\t\t\t\t\t\t\t<p class=\"preamble\">H\u00e4r samlar vi tips och information om att vara f\u00f6r\u00e4lder.<\/p><p><a href=\"https:\/\/www.1177.se\/Skane\/Tema\/Gravid\/Forsta-tiden-efter-forlossningen\/\" target=\"_blank\" rel=\"noopener\">De f\u00f6rsta dagarna<\/a><\/p><p><a href=\"https:\/\/www.1177.se\/Skane\/Tema\/Barn-och-foraldrar\/Mat-somn-och-praktiska-rad\/De-forsta-manaderna\/Barnets-forsta-manader---kroppen\/\" target=\"_blank\" rel=\"noopener\">Hur du tar hand om ett nyf\u00f6tt barn<\/a><\/p><p><a href=\"https:\/\/www.1177.se\/Skane\/barn--gravid\/att-skota-ett-nyfott-barn\/amning-och-flaskmatning\/amning\/\" target=\"_blank\" rel=\"noopener\">Amning<\/a><\/p><p><a href=\"https:\/\/pdf-flip.se\/SPBS_2018\/\" target=\"_blank\" rel=\"noopener\">Sugen p\u00e5 en bra start &#8211; broschyr om amningsstart, anknytning mm<\/a><\/p><p><a href=\"http:\/\/amningshjalpen.se\/\" target=\"_blank\" rel=\"noopener\">Amningshj\u00e4lpen<\/a><\/p><p><a href=\"http:\/\/backenbottenutbildning.se\/images\/backenbotten\/Patientinformation_svenska.pdf\" target=\"_blank\" rel=\"noopener\">Bristningar &#8211; patientinformation<\/a><\/p><p><a href=\"https:\/\/bakingbabies.se\/category\/postpartumtiden\/\" target=\"_blank\" rel=\"noopener\">Postpartumtiden<\/a><\/p><p><a href=\"https:\/\/bakingbabies.se\/category\/traning\/backenbottentraning\/\" target=\"_blank\" rel=\"noopener\">Tr\u00e4na b\u00e4ckenbotten<\/a><\/p><p><a href=\"https:\/\/mammamage.se\/\" target=\"_blank\" rel=\"noopener\">Appen Mamma Mage<\/a><\/p><p><a href=\"http:\/\/www.mammaiform.se\/\" target=\"_blank\" rel=\"noopener\">Tr\u00e4ning efter f\u00f6rlossningen<\/a><\/p><p><a href=\"http:\/\/www.rfsu.se\/sv\/Sex--relationer\/Relationer\/Regnbags--och-stjarnfamiljer\/\" target=\"_blank\" rel=\"noopener\">Regnb\u00e5gsfamilj<\/a><\/p><p><a href=\"http:\/\/mammapappalam.se\/\" target=\"_blank\" rel=\"noopener\">MammaPappaLam<\/a><\/p><h2>Bloggtips<\/h2><p><a href=\"http:\/\/bakingbabies.se\/\" target=\"_blank\" rel=\"noopener\">bakingbabies<\/a><\/p><p><a href=\"http:\/\/www.babybaby.se\/\" target=\"_blank\" rel=\"noopener\">babybaby.se<\/a><\/p><p><a href=\"https:\/\/sagogrynet.wordpress.com\/\" target=\"_blank\" rel=\"noopener\">sagogrynet.wordpress.com<\/a><\/p><h2>Boktips<\/h2>\t\t\t\t\t\t\t\t<\/div>\n\t\t\t\t<\/div>\n\t\t<div class=\"elementor-element elementor-element-7cfdb64 e-grid e-con-full e-con e-child\" data-id=\"7cfdb64\" data-element_type=\"container\" data-e-type=\"container\">\n\t\t\t\t<div class=\"elementor-element elementor-element-5cae2ee elementor-widget elementor-widget-text-editor\" data-id=\"5cae2ee\" data-element_type=\"widget\" data-e-type=\"widget\" data-widget_type=\"text-editor.default\">\n\t\t\t\t<div class=\"elementor-widget-container\">\n\t\t\t\t\t\t\t\t\t<p><img fetchpriority=\"high\" decoding=\"async\" class=\"alignnone size-full wp-image-6893\" src=\"https:\/\/admira.se\/wp-content\/uploads\/2024\/10\/9789198447705_200x_amning-i-nod-och-lust_haftad.jpg\" alt=\"\" width=\"200\" height=\"264\" \/><\/p><p>Amning i n\u00f6d och lust<br \/>av Lin Dal\u00e9n<\/p>\t\t\t\t\t\t\t\t<\/div>\n\t\t\t\t<\/div>\n\t\t\t\t<div class=\"elementor-element elementor-element-40f1f86 elementor-widget elementor-widget-text-editor\" data-id=\"40f1f86\" data-element_type=\"widget\" data-e-type=\"widget\" data-widget_type=\"text-editor.default\">\n\t\t\t\t<div class=\"elementor-widget-container\">\n\t\t\t\t\t\t\t\t\t<p><img decoding=\"async\" class=\"alignnone size-full wp-image-6901\" src=\"https:\/\/admira.se\/wp-content\/uploads\/2024\/10\/amning-i-vardagen.jpg\" alt=\"\" width=\"201\" height=\"277\" \/><\/p><p>Amning i vardagen<br \/>av Marit Olanders<\/p>\t\t\t\t\t\t\t\t<\/div>\n\t\t\t\t<\/div>\n\t\t\t\t<div class=\"elementor-element elementor-element-7441caa elementor-widget elementor-widget-text-editor\" data-id=\"7441caa\" data-element_type=\"widget\" data-e-type=\"widget\" data-widget_type=\"text-editor.default\">\n\t\t\t\t<div class=\"elementor-widget-container\">\n\t\t\t\t\t\t\t\t\t<p><img decoding=\"async\" class=\"alignnone size-medium wp-image-6989\" src=\"https:\/\/admira.se\/wp-content\/uploads\/2024\/10\/pappalogi-191x300.jpg\" alt=\"\" width=\"191\" height=\"300\" srcset=\"https:\/\/admira.se\/wp-content\/uploads\/2024\/10\/pappalogi-191x300.jpg 191w, https:\/\/admira.se\/wp-content\/uploads\/2024\/10\/pappalogi.jpg 201w\" sizes=\"(max-width: 191px) 100vw, 191px\" \/><\/p><p>Pappalogi<br \/>av Manne Forssberg<\/p>\t\t\t\t\t\t\t\t<\/div>\n\t\t\t\t<\/div>\n\t\t\t\t<div class=\"elementor-element elementor-element-6fe81d1 elementor-widget elementor-widget-text-editor\" data-id=\"6fe81d1\" data-element_type=\"widget\" data-e-type=\"widget\" data-widget_type=\"text-editor.default\">\n\t\t\t\t<div class=\"elementor-widget-container\">\n\t\t\t\t\t\t\t\t\t<p><img loading=\"lazy\" decoding=\"async\" class=\"alignnone size-full wp-image-6904\" src=\"https:\/\/admira.se\/wp-content\/uploads\/2024\/10\/barnmatsboken-laga-bra-mat-fran-borjan.jpeg\" alt=\"\" width=\"200\" height=\"240\" \/><\/p><p>Barnmatsboken<br \/>Laga bra mat fr\u00e5n b\u00f6rjan<\/p>\t\t\t\t\t\t\t\t<\/div>\n\t\t\t\t<\/div>\n\t\t\t\t<\/div>\n\t\t\t\t\t<\/div>\n\t\t\t\t<\/div>\n\t\t\t\t<\/div>","protected":false},"excerpt":{"rendered":"<p>H\u00e4r samlar vi tips och information om att vara f\u00f6r\u00e4lder. De f\u00f6rsta dagarna Hur du tar hand om ett nyf\u00f6tt barn Amning Sugen p\u00e5 en bra start &#8211; broschyr om amningsstart, anknytning mm Amningshj\u00e4lpen Bristningar &#8211; patientinformation Postpartumtiden Tr\u00e4na b\u00e4ckenbotten Appen Mamma Mage Tr\u00e4ning efter f\u00f6rlossningen Regnb\u00e5gsfamilj MammaPappaLam Bloggtips bakingbabies babybaby.se sagogrynet.wordpress.com Boktips Amning i [&hellip;]<\/p>\n","protected":false},"author":1,"featured_media":0,"parent":0,"menu_order":0,"comment_status":"closed","ping_status":"closed","template":"","meta":{"footnotes":""},"class_list":["post-7416","page","type-page","status-publish","hentry"],"_links":{"self":[{"href":"https:\/\/admira.se\/en\/wp-json\/wp\/v2\/pages\/7416","targetHints":{"allow":["GET"]}}],"collection":[{"href":"https:\/\/admira.se\/en\/wp-json\/wp\/v2\/pages"}],"about":[{"href":"https:\/\/admira.se\/en\/wp-json\/wp\/v2\/types\/page"}],"author":[{"embeddable":true,"href":"https:\/\/admira.se\/en\/wp-json\/wp\/v2\/users\/1"}],"replies":[{"embeddable":true,"href":"https:\/\/admira.se\/en\/wp-json\/wp\/v2\/comments?post=7416"}],"version-history":[{"count":6,"href":"https:\/\/admira.se\/en\/wp-json\/wp\/v2\/pages\/7416\/revisions"}],"predecessor-version":[{"id":7477,"href":"https:\/\/admira.se\/en\/wp-json\/wp\/v2\/pages\/7416\/revisions\/7477"}],"wp:attachment":[{"href":"https:\/\/admira.se\/en\/wp-json\/wp\/v2\/media?parent=7416"}],"curies":[{"name":"wp","href":"https:\/\/api.w.org\/{rel}","templated":true}]}}